{"id":13625,"date":"2026-09-01T16:45:55","date_gmt":"2026-09-01T13:45:55","guid":{"rendered":"https:\/\/adexa.ee\/toode\/professionaalne-vaba-seisev-elektrifrituur-topelttankiga-28l-28l-adexa-df28l2\/"},"modified":"2026-09-01T16:46:00","modified_gmt":"2026-09-01T13:46:00","slug":"professionaalne-vabaltseisev-elektrifriiter-kahe-paagiga-28l-28l-adexa-df28l2","status":"publish","type":"product","link":"https:\/\/adexa.ee\/en\/toode\/professionaalne-vabaltseisev-elektrifriiter-kahe-paagiga-28l-28l-adexa-df28l2\/","title":{"rendered":"Professionaalne vabaltseisev elektrifriiter kahe paagiga 28L + 28L | Adexa DF28L2"},"content":{"rendered":"<\/p>\n<\/p>\n<p>Raskeveokite professionaalne kahe paagiga friiter, vabaltseisev ja valmistatud vastupidavast konstruktsioonist, see on oluline seade igasse kommertsk\u00f6\u00f6ki.<\/p>\n<p>Iga 28-liitrises paagis on 18 kW k\u00fcttekeha, selle friiteri kogumaht on 56 liitrit ja koguv\u00f5imsus 36000W.<\/p>\n<p>Alumine k\u00fclm tsoon takistab toiduj\u00e4\u00e4kide k\u00f5rvetamist ning k\u00fcttekehad on varustatud t\u00f5stemehhanismiga, mis teeb puhastamise lihtsaks p\u00e4rast \u00f5li \u00e4ravoolu \u00e4ravoolukraani kaudu.<\/p>\n<p>Toote juurde kuuluvad roostevabast terasest kaaned bakeliidist k\u00e4epidemetega (puutudes jahedad teie ohutuse tagamiseks); nikkelkattega korvid ning traadiv\u00f5rgust v\u00f5rk praetud puru kogumiseks ja k\u00fcttekehade kaitsmiseks.<\/p>\n<\/p>\n<ul>\n<li>18 kW v\u00f5imas k\u00fcttekeha + 9 kW v\u00f5imas k\u00fcttekeha<\/li>\n<li>Iga paagi \u00f5li maht 28 liitrit<\/li>\n<li>Vastupidav konstruktsioon \u00e4ravoolukraaniga<\/li>\n<li>Termostaat +50\u00b0C kuni +190\u00b0C<\/li>\n<li>230\u00b0C k\u00f5rge piiraja tagab ohutu t\u00f6\u00f6<\/li>\n<li>Roostevabast terasest paagid \u00f5litasemega<\/li>\n<li>Roostevabast terasest kaas bakeliidist k\u00e4epidemega, puudutades jahe<\/li>\n<li>K\u00fcttekeha t\u00f5stemehhanism lihtsaks puhastamiseks<\/li>\n<li>Alumine k\u00fclm tsoon toiduj\u00e4\u00e4kide k\u00f5rvetamise v\u00e4ltimiseks<\/li>\n<li>Nikkelkattega korv<\/li>\n<li>Raskeveokite terasest jalad<\/li>\n<li>Traadiv\u00f5rgust v\u00f5rk praetud puru kogumiseks ja k\u00fcttekehade kaitsmiseks<\/li>\n<\/ul>\n<p>Palun vaadake \u00fcksikasjalikku teavet jaotises &#8216;<span style=\"font-weight: bold;\">Tehnilised andmed<\/span>&#8216;.<\/p>\n<\/p>\n<table style=\"border-collapse: collapse; width: 100%; text-align: left;\">\n<tbody>\n<tr>\n<td style=\"border: 1px solid #ddd; padding: 8px; width: 45%;\">S\u00fcgavus<\/td>\n<td style=\"border: 1px solid #ddd; padding: 8px;\">800 mm<\/td>\n<\/tr>\n<tr>\n<td style=\"border: 1px solid #ddd; padding: 8px; width: 45%;\">K\u00f5rgus<\/td>\n<td style=\"border: 1px solid #ddd; padding: 8px;\">1100 mm<\/td>\n<\/tr>\n<tr>\n<td style=\"border: 1px solid #ddd; padding: 8px; width: 45%;\">Laius<\/td>\n<td style=\"border: 1px solid #ddd; padding: 8px;\">800 mm<\/td>\n<\/tr>\n<tr>\n<td style=\"border: 1px solid #ddd; padding: 8px; width: 45%;\">Kaal<\/td>\n<td style=\"border: 1px solid #ddd; padding: 8px;\">101kg<\/td>\n<\/tr>\n<tr>\n<td style=\"border: 1px solid #ddd; padding: 8px; width: 45%;\">Mahutavus<\/td>\n<td style=\"border: 1px solid #ddd; padding: 8px;\">2 x 28 liitrit<\/td>\n<\/tr>\n<tr>\n<td style=\"border: 1px solid #ddd; padding: 8px; width: 45%;\">Toiteallikas<\/td>\n<td style=\"border: 1px solid #ddd; padding: 8px;\">400V \/ 3 faasi<\/td>\n<\/tr>\n<tr>\n<td style=\"border: 1px solid #ddd; padding: 8px; width: 45%;\">V\u00f5imsus<\/td>\n<td style=\"border: 1px solid #ddd; padding: 8px;\">18000+18000W<\/td>\n<\/tr>\n<tr>\n<td style=\"border: 1px solid #ddd; padding: 8px; width: 45%;\">Materjal<\/td>\n<td style=\"border: 1px solid #ddd; padding: 8px;\">Roostevaba teras<\/td>\n<\/tr>\n<tr>\n<td style=\"border: 1px solid #ddd; padding: 8px; width: 45%;\">Temperatuur<\/td>\n<td style=\"border: 1px solid #ddd; padding: 8px;\">+50 kuni +190\u00b0C<\/td>\n<\/tr>\n<\/tbody>\n<\/table>\n","protected":false},"excerpt":{"rendered":"<p>Raskeveokite professionaalne kahe paagiga friiter, vabaltseisev ja valmistatud vastupidavast konstruktsioonist, see on oluline seade igasse kommertsk\u00f6\u00f6ki. Iga 28-liitrises paagis on<\/p>\n","protected":false},"featured_media":48064,"template":"","meta":[],"product_brand":[],"product_cat":[629,973,557,588],"product_tag":[],"class_list":["post-13625","product","type-product","status-publish","has-post-thumbnail","product_cat-frituurid","product_cat-gaas-frituurid","product_cat-kupsetusseadmed","product_cat-kuumseadmed","first","onbackorder","sale","taxable","shipping-taxable","purchasable","product-type-simple"],"yoast_head":"<!-- This site is optimized with the Yoast SEO plugin v28.4 - https:\/\/yoast.com\/product\/yoast-seo-wordpress\/ -->\n<title>Professionaalne vabaltseisev elektrifriiter kahe paagiga 28L + 28L | Adexa DF28L2 - Adexa \u2013 Suurk\u00f6\u00f6giseadmed restoranidele ja toitlustusele<\/title>\n<meta name=\"robots\" content=\"index, follow, max-snippet:-1, max-image-preview:large, max-video-preview:-1\" \/>\n<link rel=\"canonical\" href=\"https:\/\/adexa.ee\/toode\/professionaalne-vabaltseisev-elektrifriiter-kahe-paagiga-28l-28l-adexa-df28l2\/\" \/>\n<meta property=\"og:locale\" content=\"en_US\" \/>\n<meta property=\"og:type\" content=\"article\" \/>\n<meta property=\"og:title\" content=\"Professionaalne vabaltseisev elektrifriiter kahe paagiga 28L + 28L | Adexa DF28L2 - Adexa \u2013 Suurk\u00f6\u00f6giseadmed restoranidele ja toitlustusele\" \/>\n<meta property=\"og:description\" content=\"Raskeveokite professionaalne kahe paagiga friiter, vabaltseisev ja valmistatud vastupidavast konstruktsioonist, see on oluline seade igasse kommertsk\u00f6\u00f6ki. Iga 28-liitrises paagis on\" \/>\n<meta property=\"og:url\" content=\"https:\/\/adexa.ee\/toode\/professionaalne-vabaltseisev-elektrifriiter-kahe-paagiga-28l-28l-adexa-df28l2\/\" \/>\n<meta property=\"og:site_name\" content=\"Adexa \u2013 Suurk\u00f6\u00f6giseadmed restoranidele ja toitlustusele\" \/>\n<meta property=\"article:modified_time\" content=\"2026-09-01T13:46:00+00:00\" \/>\n<meta property=\"og:image\" content=\"https:\/\/adexa.ee\/wp-content\/uploads\/2026\/08\/DF28L2-.png\" \/>\n\t<meta property=\"og:image:width\" content=\"1254\" \/>\n\t<meta property=\"og:image:height\" content=\"1254\" \/>\n\t<meta property=\"og:image:type\" content=\"image\/png\" \/>\n<meta name=\"twitter:card\" content=\"summary_large_image\" \/>\n<meta name=\"twitter:label1\" content=\"Est. reading time\" \/>\n\t<meta name=\"twitter:data1\" content=\"1 minute\" \/>\n<script type=\"application\/ld+json\" class=\"yoast-schema-graph\">{\"@context\":\"https:\\\/\\\/schema.org\",\"@graph\":[{\"@type\":\"WebPage\",\"@id\":\"https:\\\/\\\/adexa.ee\\\/toode\\\/professionaalne-vabaltseisev-elektrifriiter-kahe-paagiga-28l-28l-adexa-df28l2\\\/\",\"url\":\"https:\\\/\\\/adexa.ee\\\/toode\\\/professionaalne-vabaltseisev-elektrifriiter-kahe-paagiga-28l-28l-adexa-df28l2\\\/\",\"name\":\"Professionaalne vabaltseisev elektrifriiter kahe paagiga 28L + 28L | Adexa DF28L2 - Adexa \u2013 Suurk\u00f6\u00f6giseadmed restoranidele ja toitlustusele\",\"isPartOf\":{\"@id\":\"https:\\\/\\\/adexa.ee\\\/#website\"},\"primaryImageOfPage\":{\"@id\":\"https:\\\/\\\/adexa.ee\\\/toode\\\/professionaalne-vabaltseisev-elektrifriiter-kahe-paagiga-28l-28l-adexa-df28l2\\\/#primaryimage\"},\"image\":{\"@id\":\"https:\\\/\\\/adexa.ee\\\/toode\\\/professionaalne-vabaltseisev-elektrifriiter-kahe-paagiga-28l-28l-adexa-df28l2\\\/#primaryimage\"},\"thumbnailUrl\":\"https:\\\/\\\/adexa.ee\\\/wp-content\\\/uploads\\\/2026\\\/08\\\/DF28L2-.png\",\"datePublished\":\"2026-09-01T13:45:55+00:00\",\"dateModified\":\"2026-09-01T13:46:00+00:00\",\"breadcrumb\":{\"@id\":\"https:\\\/\\\/adexa.ee\\\/toode\\\/professionaalne-vabaltseisev-elektrifriiter-kahe-paagiga-28l-28l-adexa-df28l2\\\/#breadcrumb\"},\"inLanguage\":\"en-US\",\"potentialAction\":[{\"@type\":\"ReadAction\",\"target\":[\"https:\\\/\\\/adexa.ee\\\/toode\\\/professionaalne-vabaltseisev-elektrifriiter-kahe-paagiga-28l-28l-adexa-df28l2\\\/\"]}]},{\"@type\":\"ImageObject\",\"inLanguage\":\"en-US\",\"@id\":\"https:\\\/\\\/adexa.ee\\\/toode\\\/professionaalne-vabaltseisev-elektrifriiter-kahe-paagiga-28l-28l-adexa-df28l2\\\/#primaryimage\",\"url\":\"https:\\\/\\\/adexa.ee\\\/wp-content\\\/uploads\\\/2026\\\/08\\\/DF28L2-.png\",\"contentUrl\":\"https:\\\/\\\/adexa.ee\\\/wp-content\\\/uploads\\\/2026\\\/08\\\/DF28L2-.png\",\"width\":1254,\"height\":1254},{\"@type\":\"BreadcrumbList\",\"@id\":\"https:\\\/\\\/adexa.ee\\\/toode\\\/professionaalne-vabaltseisev-elektrifriiter-kahe-paagiga-28l-28l-adexa-df28l2\\\/#breadcrumb\",\"itemListElement\":[{\"@type\":\"ListItem\",\"position\":1,\"name\":\"Home\",\"item\":\"https:\\\/\\\/adexa.ee\\\/\"},{\"@type\":\"ListItem\",\"position\":2,\"name\":\"Tooted\",\"item\":\"https:\\\/\\\/adexa.ee\\\/pood\\\/\"},{\"@type\":\"ListItem\",\"position\":3,\"name\":\"Professionaalne vabaltseisev elektrifriiter kahe paagiga 28L + 28L | Adexa DF28L2\"}]},{\"@type\":\"WebSite\",\"@id\":\"https:\\\/\\\/adexa.ee\\\/#website\",\"url\":\"https:\\\/\\\/adexa.ee\\\/\",\"name\":\"Adexa\",\"description\":\"\",\"publisher\":{\"@id\":\"https:\\\/\\\/adexa.ee\\\/#organization\"},\"potentialAction\":[{\"@type\":\"SearchAction\",\"target\":{\"@type\":\"EntryPoint\",\"urlTemplate\":\"https:\\\/\\\/adexa.ee\\\/?s={search_term_string}\"},\"query-input\":{\"@type\":\"PropertyValueSpecification\",\"valueRequired\":true,\"valueName\":\"search_term_string\"}}],\"inLanguage\":\"en-US\"},{\"@type\":\"Organization\",\"@id\":\"https:\\\/\\\/adexa.ee\\\/#organization\",\"name\":\"Adexa\",\"url\":\"https:\\\/\\\/adexa.ee\\\/\",\"logo\":{\"@type\":\"ImageObject\",\"inLanguage\":\"en-US\",\"@id\":\"https:\\\/\\\/adexa.ee\\\/#\\\/schema\\\/logo\\\/image\\\/\",\"url\":\"https:\\\/\\\/adexa.ee\\\/wp-content\\\/uploads\\\/2024\\\/04\\\/chef-cooks-working-in-professional-kitchen-2023-11-27-05-07-39-utc-scaled.jpg\",\"contentUrl\":\"https:\\\/\\\/adexa.ee\\\/wp-content\\\/uploads\\\/2024\\\/04\\\/chef-cooks-working-in-professional-kitchen-2023-11-27-05-07-39-utc-scaled.jpg\",\"width\":2560,\"height\":1708,\"caption\":\"Adexa\"},\"image\":{\"@id\":\"https:\\\/\\\/adexa.ee\\\/#\\\/schema\\\/logo\\\/image\\\/\"}}]}<\/script>\n<!-- \/ Yoast SEO plugin. -->","yoast_head_json":{"title":"Professionaalne vabaltseisev elektrifriiter kahe paagiga 28L + 28L | Adexa DF28L2 - Adexa \u2013 Suurk\u00f6\u00f6giseadmed restoranidele ja toitlustusele","robots":{"index":"index","follow":"follow","max-snippet":"max-snippet:-1","max-image-preview":"max-image-preview:large","max-video-preview":"max-video-preview:-1"},"canonical":"https:\/\/adexa.ee\/toode\/professionaalne-vabaltseisev-elektrifriiter-kahe-paagiga-28l-28l-adexa-df28l2\/","og_locale":"en_US","og_type":"article","og_title":"Professionaalne vabaltseisev elektrifriiter kahe paagiga 28L + 28L | Adexa DF28L2 - Adexa \u2013 Suurk\u00f6\u00f6giseadmed restoranidele ja toitlustusele","og_description":"Raskeveokite professionaalne kahe paagiga friiter, vabaltseisev ja valmistatud vastupidavast konstruktsioonist, see on oluline seade igasse kommertsk\u00f6\u00f6ki. Iga 28-liitrises paagis on","og_url":"https:\/\/adexa.ee\/toode\/professionaalne-vabaltseisev-elektrifriiter-kahe-paagiga-28l-28l-adexa-df28l2\/","og_site_name":"Adexa \u2013 Suurk\u00f6\u00f6giseadmed restoranidele ja toitlustusele","article_modified_time":"2026-09-01T13:46:00+00:00","og_image":[{"width":1254,"height":1254,"url":"https:\/\/adexa.ee\/wp-content\/uploads\/2026\/08\/DF28L2-.png","type":"image\/png"}],"twitter_card":"summary_large_image","twitter_misc":{"Est. reading time":"1 minute"},"schema":{"@context":"https:\/\/schema.org","@graph":[{"@type":"WebPage","@id":"https:\/\/adexa.ee\/toode\/professionaalne-vabaltseisev-elektrifriiter-kahe-paagiga-28l-28l-adexa-df28l2\/","url":"https:\/\/adexa.ee\/toode\/professionaalne-vabaltseisev-elektrifriiter-kahe-paagiga-28l-28l-adexa-df28l2\/","name":"Professionaalne vabaltseisev elektrifriiter kahe paagiga 28L + 28L | Adexa DF28L2 - Adexa \u2013 Suurk\u00f6\u00f6giseadmed restoranidele ja toitlustusele","isPartOf":{"@id":"https:\/\/adexa.ee\/#website"},"primaryImageOfPage":{"@id":"https:\/\/adexa.ee\/toode\/professionaalne-vabaltseisev-elektrifriiter-kahe-paagiga-28l-28l-adexa-df28l2\/#primaryimage"},"image":{"@id":"https:\/\/adexa.ee\/toode\/professionaalne-vabaltseisev-elektrifriiter-kahe-paagiga-28l-28l-adexa-df28l2\/#primaryimage"},"thumbnailUrl":"https:\/\/adexa.ee\/wp-content\/uploads\/2026\/08\/DF28L2-.png","datePublished":"2026-09-01T13:45:55+00:00","dateModified":"2026-09-01T13:46:00+00:00","breadcrumb":{"@id":"https:\/\/adexa.ee\/toode\/professionaalne-vabaltseisev-elektrifriiter-kahe-paagiga-28l-28l-adexa-df28l2\/#breadcrumb"},"inLanguage":"en-US","potentialAction":[{"@type":"ReadAction","target":["https:\/\/adexa.ee\/toode\/professionaalne-vabaltseisev-elektrifriiter-kahe-paagiga-28l-28l-adexa-df28l2\/"]}]},{"@type":"ImageObject","inLanguage":"en-US","@id":"https:\/\/adexa.ee\/toode\/professionaalne-vabaltseisev-elektrifriiter-kahe-paagiga-28l-28l-adexa-df28l2\/#primaryimage","url":"https:\/\/adexa.ee\/wp-content\/uploads\/2026\/08\/DF28L2-.png","contentUrl":"https:\/\/adexa.ee\/wp-content\/uploads\/2026\/08\/DF28L2-.png","width":1254,"height":1254},{"@type":"BreadcrumbList","@id":"https:\/\/adexa.ee\/toode\/professionaalne-vabaltseisev-elektrifriiter-kahe-paagiga-28l-28l-adexa-df28l2\/#breadcrumb","itemListElement":[{"@type":"ListItem","position":1,"name":"Home","item":"https:\/\/adexa.ee\/"},{"@type":"ListItem","position":2,"name":"Tooted","item":"https:\/\/adexa.ee\/pood\/"},{"@type":"ListItem","position":3,"name":"Professionaalne vabaltseisev elektrifriiter kahe paagiga 28L + 28L | Adexa DF28L2"}]},{"@type":"WebSite","@id":"https:\/\/adexa.ee\/#website","url":"https:\/\/adexa.ee\/","name":"Adexa","description":"","publisher":{"@id":"https:\/\/adexa.ee\/#organization"},"potentialAction":[{"@type":"SearchAction","target":{"@type":"EntryPoint","urlTemplate":"https:\/\/adexa.ee\/?s={search_term_string}"},"query-input":{"@type":"PropertyValueSpecification","valueRequired":true,"valueName":"search_term_string"}}],"inLanguage":"en-US"},{"@type":"Organization","@id":"https:\/\/adexa.ee\/#organization","name":"Adexa","url":"https:\/\/adexa.ee\/","logo":{"@type":"ImageObject","inLanguage":"en-US","@id":"https:\/\/adexa.ee\/#\/schema\/logo\/image\/","url":"https:\/\/adexa.ee\/wp-content\/uploads\/2024\/04\/chef-cooks-working-in-professional-kitchen-2023-11-27-05-07-39-utc-scaled.jpg","contentUrl":"https:\/\/adexa.ee\/wp-content\/uploads\/2024\/04\/chef-cooks-working-in-professional-kitchen-2023-11-27-05-07-39-utc-scaled.jpg","width":2560,"height":1708,"caption":"Adexa"},"image":{"@id":"https:\/\/adexa.ee\/#\/schema\/logo\/image\/"}}]}},"_links":{"self":[{"href":"https:\/\/adexa.ee\/en\/wp-json\/wp\/v2\/product\/13625","targetHints":{"allow":["GET"]}}],"collection":[{"href":"https:\/\/adexa.ee\/en\/wp-json\/wp\/v2\/product"}],"about":[{"href":"https:\/\/adexa.ee\/en\/wp-json\/wp\/v2\/types\/product"}],"wp:featuredmedia":[{"embeddable":true,"href":"https:\/\/adexa.ee\/en\/wp-json\/wp\/v2\/media\/48064"}],"wp:attachment":[{"href":"https:\/\/adexa.ee\/en\/wp-json\/wp\/v2\/media?parent=13625"}],"wp:term":[{"taxonomy":"product_brand","embeddable":true,"href":"https:\/\/adexa.ee\/en\/wp-json\/wp\/v2\/product_brand?post=13625"},{"taxonomy":"product_cat","embeddable":true,"href":"https:\/\/adexa.ee\/en\/wp-json\/wp\/v2\/product_cat?post=13625"},{"taxonomy":"product_tag","embeddable":true,"href":"https:\/\/adexa.ee\/en\/wp-json\/wp\/v2\/product_tag?post=13625"}],"curies":[{"name":"wp","href":"https:\/\/api.w.org\/{rel}","templated":true}]}}