{"id":15931,"date":"2026-09-01T16:45:55","date_gmt":"2026-09-01T13:45:55","guid":{"rendered":"https:\/\/adexa.ee\/toode\/kaksik-korv-professionaalne-vabas-seisev-elektriline-frituur-uhe-paagiga-18-kw-28-liitrit-adexa-df28l\/"},"modified":"2026-09-01T16:45:59","modified_gmt":"2026-09-01T13:45:59","slug":"kahekordne-korv-professionaalne-vabaltseisev-elektrifriiter-uhe-paagiga-18kw-28-liitrit-adexa-df28l","status":"publish","type":"product","link":"https:\/\/adexa.ee\/en\/toode\/kahekordne-korv-professionaalne-vabaltseisev-elektrifriiter-uhe-paagiga-18kw-28-liitrit-adexa-df28l\/","title":{"rendered":"Kahekordne korv professionaalne vabaltseisev elektrifriiter \u00fche paagiga 18kW 28 liitrit | Adexa DF28L"},"content":{"rendered":"<\/p>\n<p>See \u00fclitugev t\u00f6\u00f6stuslik friiter on valmistatud roostevabast terasest ja tugevatest reguleeritavatest jalgadest. Seadmel on helisignaaliga taimeri funktsioon meeldetuletuseks ning k\u00fclm tsoon, mis pikendab seadme eluiga ja maksimeerib teie kasumit. K\u00fctteseadet saab h\u00f5lpsasti t\u00f5sta, et puhastada toiduj\u00e4\u00e4ke, mis kogunevad k\u00fclma tsooni. Ideaalne suurte koguste friikartulite, mereandide, kana ja paljude teiste toitude praadimiseks, pakkudes mitmek\u00fclgsust ja t\u00e4psust, mis on t\u00e4nap\u00e4eva toitlustus- ja restoranik\u00f6\u00f6kides h\u00e4davajalik.<\/p>\n<ul>\n<li>18kW v\u00f5imas k\u00fcttekeha<\/li>\n<li>\u00dcks paak 28 liitrise \u00f5likapatsiteediga<\/li>\n<li>Tugev konstruktsioon \u00e4ravoolukraaniga<\/li>\n<li>Termostaat +50 kuni +190\u2103<\/li>\n<li>230\u2103 k\u00f5rgepiiraja tagab ohutu t\u00f6\u00f6<\/li>\n<li>Roostevabast terasest paak \u00f5litasemega<\/li>\n<li>Roostevabast terasest \u00f6\u00f6kate bakeliidist k\u00e4epidemega, puudutamisel jahe<\/li>\n<li>Traadiv\u00f5rk friikruupide kogumiseks ja k\u00fcttekeha kaitsmiseks<\/li>\n<li>K\u00fcttekeha t\u00f5stmise mehhanism lihtsaks ja mugavaks puhastamiseks<\/li>\n<li>V\u00f5imsuse ja k\u00fctte n\u00e4idikud<\/li>\n<li>Nikkelkattega korv<\/li>\n<li>Raskekujuline terasjalad<\/li>\n<li>Taimeri relee helisignaaliga meeldetuletuseks<\/li>\n<li>Alumine k\u00fclm tsoon toiduj\u00e4\u00e4kide k\u00f5rvetamise v\u00e4ltimiseks<\/li>\n<\/ul>\n<p><span style=\"font-weight: bold;\">Dokumendid<\/span><\/p>\n<\/p>\n<ul>\n<li><a href=\"https:\/\/adexanordic.se\/image\/catalog\/manuals\/EF28L-manual.pdf\" target=\"_blank\">Kl\u00f5psake siin kasutusjuhendi allalaadimiseks<\/a><\/li>\n<\/ul>\n<p>Palun vaadake t\u00e4psema info saamiseks jaotist &#8216;<span style=\"font-weight: bold;\">Tehnilised andmed<\/span>&#8216;.<\/p>\n<table style=\"border-collapse: collapse; width: 100%; text-align: left;\">\n<tbody>\n<tr>\n<td style=\"border: 1px solid #ddd; padding: 8px; width: 45%;\">S\u00fcgavus<\/td>\n<td style=\"border: 1px solid #ddd; padding: 8px;\">800 mm<\/td>\n<\/tr>\n<tr>\n<td style=\"border: 1px solid #ddd; padding: 8px; width: 45%;\">K\u00f5rgus<\/td>\n<td style=\"border: 1px solid #ddd; padding: 8px;\">1100 mm<\/td>\n<\/tr>\n<tr>\n<td style=\"border: 1px solid #ddd; padding: 8px; width: 45%;\">Laius<\/td>\n<td style=\"border: 1px solid #ddd; padding: 8px;\">400 mm<\/td>\n<\/tr>\n<tr>\n<td style=\"border: 1px solid #ddd; padding: 8px; width: 45%;\">Kaal<\/td>\n<td style=\"border: 1px solid #ddd; padding: 8px;\">56kg<\/td>\n<\/tr>\n<tr>\n<td style=\"border: 1px solid #ddd; padding: 8px; width: 45%;\">Mahutavus<\/td>\n<td style=\"border: 1px solid #ddd; padding: 8px;\">1 x 28 liitrit<\/td>\n<\/tr>\n<tr>\n<td style=\"border: 1px solid #ddd; padding: 8px; width: 45%;\">Toiteallikas<\/td>\n<td style=\"border: 1px solid #ddd; padding: 8px;\">400V \/ 3 faasi<\/td>\n<\/tr>\n<tr>\n<td style=\"border: 1px solid #ddd; padding: 8px; width: 45%;\">V\u00f5imsus<\/td>\n<td style=\"border: 1px solid #ddd; padding: 8px;\">18000W<\/td>\n<\/tr>\n<tr>\n<td style=\"border: 1px solid #ddd; padding: 8px; width: 45%;\">Materjal<\/td>\n<td style=\"border: 1px solid #ddd; padding: 8px;\">Roostevaba teras<\/td>\n<\/tr>\n<tr>\n<td style=\"border: 1px solid #ddd; padding: 8px; width: 45%;\">Temperatuur<\/td>\n<td style=\"border: 1px solid #ddd; padding: 8px;\">+50 kuni +190\u00b0C<\/td>\n<\/tr>\n<tr>\n<td style=\"border: 1px solid #ddd; padding: 8px; width: 45%;\">Kontrollid<\/td>\n<td style=\"border: 1px solid #ddd; padding: 8px;\">K\u00e4sitsi\/Digitaalne<\/td>\n<\/tr>\n<\/tbody>\n<\/table>\n","protected":false},"excerpt":{"rendered":"<p>See \u00fclitugev t\u00f6\u00f6stuslik friiter on valmistatud roostevabast terasest ja tugevatest reguleeritavatest jalgadest. Seadmel on helisignaaliga taimeri funktsioon meeldetuletuseks ning k\u00fclm<\/p>\n","protected":false},"featured_media":48062,"template":"","meta":[],"product_brand":[],"product_cat":[629,973,557,588],"product_tag":[],"class_list":["post-15931","product","type-product","status-publish","has-post-thumbnail","product_cat-frituurid","product_cat-gaas-frituurid","product_cat-kupsetusseadmed","product_cat-kuumseadmed","first","onbackorder","sale","taxable","shipping-taxable","purchasable","product-type-simple"],"yoast_head":"<!-- This site is optimized with the Yoast SEO plugin v28.4 - https:\/\/yoast.com\/product\/yoast-seo-wordpress\/ -->\n<title>Kahekordne korv professionaalne vabaltseisev elektrifriiter \u00fche paagiga 18kW 28 liitrit | Adexa DF28L - Adexa \u2013 Suurk\u00f6\u00f6giseadmed restoranidele ja toitlustusele<\/title>\n<meta name=\"robots\" content=\"index, follow, max-snippet:-1, max-image-preview:large, max-video-preview:-1\" \/>\n<link rel=\"canonical\" href=\"https:\/\/adexa.ee\/toode\/kahekordne-korv-professionaalne-vabaltseisev-elektrifriiter-uhe-paagiga-18kw-28-liitrit-adexa-df28l\/\" \/>\n<meta property=\"og:locale\" content=\"en_US\" \/>\n<meta property=\"og:type\" content=\"article\" \/>\n<meta property=\"og:title\" content=\"Kahekordne korv professionaalne vabaltseisev elektrifriiter \u00fche paagiga 18kW 28 liitrit | Adexa DF28L - Adexa \u2013 Suurk\u00f6\u00f6giseadmed restoranidele ja toitlustusele\" \/>\n<meta property=\"og:description\" content=\"See \u00fclitugev t\u00f6\u00f6stuslik friiter on valmistatud roostevabast terasest ja tugevatest reguleeritavatest jalgadest. Seadmel on helisignaaliga taimeri funktsioon meeldetuletuseks ning k\u00fclm\" \/>\n<meta property=\"og:url\" content=\"https:\/\/adexa.ee\/toode\/kahekordne-korv-professionaalne-vabaltseisev-elektrifriiter-uhe-paagiga-18kw-28-liitrit-adexa-df28l\/\" \/>\n<meta property=\"og:site_name\" content=\"Adexa \u2013 Suurk\u00f6\u00f6giseadmed restoranidele ja toitlustusele\" \/>\n<meta property=\"article:modified_time\" content=\"2026-09-01T13:45:59+00:00\" \/>\n<meta property=\"og:image\" content=\"https:\/\/adexa.ee\/wp-content\/uploads\/2026\/08\/DF28L-.png\" \/>\n\t<meta property=\"og:image:width\" content=\"1254\" \/>\n\t<meta property=\"og:image:height\" content=\"1254\" \/>\n\t<meta property=\"og:image:type\" content=\"image\/png\" \/>\n<meta name=\"twitter:card\" content=\"summary_large_image\" \/>\n<meta name=\"twitter:label1\" content=\"Est. reading time\" \/>\n\t<meta name=\"twitter:data1\" content=\"1 minute\" \/>\n<script type=\"application\/ld+json\" class=\"yoast-schema-graph\">{\"@context\":\"https:\\\/\\\/schema.org\",\"@graph\":[{\"@type\":\"WebPage\",\"@id\":\"https:\\\/\\\/adexa.ee\\\/toode\\\/kahekordne-korv-professionaalne-vabaltseisev-elektrifriiter-uhe-paagiga-18kw-28-liitrit-adexa-df28l\\\/\",\"url\":\"https:\\\/\\\/adexa.ee\\\/toode\\\/kahekordne-korv-professionaalne-vabaltseisev-elektrifriiter-uhe-paagiga-18kw-28-liitrit-adexa-df28l\\\/\",\"name\":\"Kahekordne korv professionaalne vabaltseisev elektrifriiter \u00fche paagiga 18kW 28 liitrit | Adexa DF28L - Adexa \u2013 Suurk\u00f6\u00f6giseadmed restoranidele ja toitlustusele\",\"isPartOf\":{\"@id\":\"https:\\\/\\\/adexa.ee\\\/#website\"},\"primaryImageOfPage\":{\"@id\":\"https:\\\/\\\/adexa.ee\\\/toode\\\/kahekordne-korv-professionaalne-vabaltseisev-elektrifriiter-uhe-paagiga-18kw-28-liitrit-adexa-df28l\\\/#primaryimage\"},\"image\":{\"@id\":\"https:\\\/\\\/adexa.ee\\\/toode\\\/kahekordne-korv-professionaalne-vabaltseisev-elektrifriiter-uhe-paagiga-18kw-28-liitrit-adexa-df28l\\\/#primaryimage\"},\"thumbnailUrl\":\"https:\\\/\\\/adexa.ee\\\/wp-content\\\/uploads\\\/2026\\\/08\\\/DF28L-.png\",\"datePublished\":\"2026-09-01T13:45:55+00:00\",\"dateModified\":\"2026-09-01T13:45:59+00:00\",\"breadcrumb\":{\"@id\":\"https:\\\/\\\/adexa.ee\\\/toode\\\/kahekordne-korv-professionaalne-vabaltseisev-elektrifriiter-uhe-paagiga-18kw-28-liitrit-adexa-df28l\\\/#breadcrumb\"},\"inLanguage\":\"en-US\",\"potentialAction\":[{\"@type\":\"ReadAction\",\"target\":[\"https:\\\/\\\/adexa.ee\\\/toode\\\/kahekordne-korv-professionaalne-vabaltseisev-elektrifriiter-uhe-paagiga-18kw-28-liitrit-adexa-df28l\\\/\"]}]},{\"@type\":\"ImageObject\",\"inLanguage\":\"en-US\",\"@id\":\"https:\\\/\\\/adexa.ee\\\/toode\\\/kahekordne-korv-professionaalne-vabaltseisev-elektrifriiter-uhe-paagiga-18kw-28-liitrit-adexa-df28l\\\/#primaryimage\",\"url\":\"https:\\\/\\\/adexa.ee\\\/wp-content\\\/uploads\\\/2026\\\/08\\\/DF28L-.png\",\"contentUrl\":\"https:\\\/\\\/adexa.ee\\\/wp-content\\\/uploads\\\/2026\\\/08\\\/DF28L-.png\",\"width\":1254,\"height\":1254},{\"@type\":\"BreadcrumbList\",\"@id\":\"https:\\\/\\\/adexa.ee\\\/toode\\\/kahekordne-korv-professionaalne-vabaltseisev-elektrifriiter-uhe-paagiga-18kw-28-liitrit-adexa-df28l\\\/#breadcrumb\",\"itemListElement\":[{\"@type\":\"ListItem\",\"position\":1,\"name\":\"Home\",\"item\":\"https:\\\/\\\/adexa.ee\\\/\"},{\"@type\":\"ListItem\",\"position\":2,\"name\":\"Tooted\",\"item\":\"https:\\\/\\\/adexa.ee\\\/pood\\\/\"},{\"@type\":\"ListItem\",\"position\":3,\"name\":\"Kahekordne korv professionaalne vabaltseisev elektrifriiter \u00fche paagiga 18kW 28 liitrit | Adexa DF28L\"}]},{\"@type\":\"WebSite\",\"@id\":\"https:\\\/\\\/adexa.ee\\\/#website\",\"url\":\"https:\\\/\\\/adexa.ee\\\/\",\"name\":\"Adexa\",\"description\":\"\",\"publisher\":{\"@id\":\"https:\\\/\\\/adexa.ee\\\/#organization\"},\"potentialAction\":[{\"@type\":\"SearchAction\",\"target\":{\"@type\":\"EntryPoint\",\"urlTemplate\":\"https:\\\/\\\/adexa.ee\\\/?s={search_term_string}\"},\"query-input\":{\"@type\":\"PropertyValueSpecification\",\"valueRequired\":true,\"valueName\":\"search_term_string\"}}],\"inLanguage\":\"en-US\"},{\"@type\":\"Organization\",\"@id\":\"https:\\\/\\\/adexa.ee\\\/#organization\",\"name\":\"Adexa\",\"url\":\"https:\\\/\\\/adexa.ee\\\/\",\"logo\":{\"@type\":\"ImageObject\",\"inLanguage\":\"en-US\",\"@id\":\"https:\\\/\\\/adexa.ee\\\/#\\\/schema\\\/logo\\\/image\\\/\",\"url\":\"https:\\\/\\\/adexa.ee\\\/wp-content\\\/uploads\\\/2024\\\/04\\\/chef-cooks-working-in-professional-kitchen-2023-11-27-05-07-39-utc-scaled.jpg\",\"contentUrl\":\"https:\\\/\\\/adexa.ee\\\/wp-content\\\/uploads\\\/2024\\\/04\\\/chef-cooks-working-in-professional-kitchen-2023-11-27-05-07-39-utc-scaled.jpg\",\"width\":2560,\"height\":1708,\"caption\":\"Adexa\"},\"image\":{\"@id\":\"https:\\\/\\\/adexa.ee\\\/#\\\/schema\\\/logo\\\/image\\\/\"}}]}<\/script>\n<!-- \/ Yoast SEO plugin. -->","yoast_head_json":{"title":"Kahekordne korv professionaalne vabaltseisev elektrifriiter \u00fche paagiga 18kW 28 liitrit | Adexa DF28L - Adexa \u2013 Suurk\u00f6\u00f6giseadmed restoranidele ja toitlustusele","robots":{"index":"index","follow":"follow","max-snippet":"max-snippet:-1","max-image-preview":"max-image-preview:large","max-video-preview":"max-video-preview:-1"},"canonical":"https:\/\/adexa.ee\/toode\/kahekordne-korv-professionaalne-vabaltseisev-elektrifriiter-uhe-paagiga-18kw-28-liitrit-adexa-df28l\/","og_locale":"en_US","og_type":"article","og_title":"Kahekordne korv professionaalne vabaltseisev elektrifriiter \u00fche paagiga 18kW 28 liitrit | Adexa DF28L - Adexa \u2013 Suurk\u00f6\u00f6giseadmed restoranidele ja toitlustusele","og_description":"See \u00fclitugev t\u00f6\u00f6stuslik friiter on valmistatud roostevabast terasest ja tugevatest reguleeritavatest jalgadest. Seadmel on helisignaaliga taimeri funktsioon meeldetuletuseks ning k\u00fclm","og_url":"https:\/\/adexa.ee\/toode\/kahekordne-korv-professionaalne-vabaltseisev-elektrifriiter-uhe-paagiga-18kw-28-liitrit-adexa-df28l\/","og_site_name":"Adexa \u2013 Suurk\u00f6\u00f6giseadmed restoranidele ja toitlustusele","article_modified_time":"2026-09-01T13:45:59+00:00","og_image":[{"width":1254,"height":1254,"url":"https:\/\/adexa.ee\/wp-content\/uploads\/2026\/08\/DF28L-.png","type":"image\/png"}],"twitter_card":"summary_large_image","twitter_misc":{"Est. reading time":"1 minute"},"schema":{"@context":"https:\/\/schema.org","@graph":[{"@type":"WebPage","@id":"https:\/\/adexa.ee\/toode\/kahekordne-korv-professionaalne-vabaltseisev-elektrifriiter-uhe-paagiga-18kw-28-liitrit-adexa-df28l\/","url":"https:\/\/adexa.ee\/toode\/kahekordne-korv-professionaalne-vabaltseisev-elektrifriiter-uhe-paagiga-18kw-28-liitrit-adexa-df28l\/","name":"Kahekordne korv professionaalne vabaltseisev elektrifriiter \u00fche paagiga 18kW 28 liitrit | Adexa DF28L - Adexa \u2013 Suurk\u00f6\u00f6giseadmed restoranidele ja toitlustusele","isPartOf":{"@id":"https:\/\/adexa.ee\/#website"},"primaryImageOfPage":{"@id":"https:\/\/adexa.ee\/toode\/kahekordne-korv-professionaalne-vabaltseisev-elektrifriiter-uhe-paagiga-18kw-28-liitrit-adexa-df28l\/#primaryimage"},"image":{"@id":"https:\/\/adexa.ee\/toode\/kahekordne-korv-professionaalne-vabaltseisev-elektrifriiter-uhe-paagiga-18kw-28-liitrit-adexa-df28l\/#primaryimage"},"thumbnailUrl":"https:\/\/adexa.ee\/wp-content\/uploads\/2026\/08\/DF28L-.png","datePublished":"2026-09-01T13:45:55+00:00","dateModified":"2026-09-01T13:45:59+00:00","breadcrumb":{"@id":"https:\/\/adexa.ee\/toode\/kahekordne-korv-professionaalne-vabaltseisev-elektrifriiter-uhe-paagiga-18kw-28-liitrit-adexa-df28l\/#breadcrumb"},"inLanguage":"en-US","potentialAction":[{"@type":"ReadAction","target":["https:\/\/adexa.ee\/toode\/kahekordne-korv-professionaalne-vabaltseisev-elektrifriiter-uhe-paagiga-18kw-28-liitrit-adexa-df28l\/"]}]},{"@type":"ImageObject","inLanguage":"en-US","@id":"https:\/\/adexa.ee\/toode\/kahekordne-korv-professionaalne-vabaltseisev-elektrifriiter-uhe-paagiga-18kw-28-liitrit-adexa-df28l\/#primaryimage","url":"https:\/\/adexa.ee\/wp-content\/uploads\/2026\/08\/DF28L-.png","contentUrl":"https:\/\/adexa.ee\/wp-content\/uploads\/2026\/08\/DF28L-.png","width":1254,"height":1254},{"@type":"BreadcrumbList","@id":"https:\/\/adexa.ee\/toode\/kahekordne-korv-professionaalne-vabaltseisev-elektrifriiter-uhe-paagiga-18kw-28-liitrit-adexa-df28l\/#breadcrumb","itemListElement":[{"@type":"ListItem","position":1,"name":"Home","item":"https:\/\/adexa.ee\/"},{"@type":"ListItem","position":2,"name":"Tooted","item":"https:\/\/adexa.ee\/pood\/"},{"@type":"ListItem","position":3,"name":"Kahekordne korv professionaalne vabaltseisev elektrifriiter \u00fche paagiga 18kW 28 liitrit | Adexa DF28L"}]},{"@type":"WebSite","@id":"https:\/\/adexa.ee\/#website","url":"https:\/\/adexa.ee\/","name":"Adexa","description":"","publisher":{"@id":"https:\/\/adexa.ee\/#organization"},"potentialAction":[{"@type":"SearchAction","target":{"@type":"EntryPoint","urlTemplate":"https:\/\/adexa.ee\/?s={search_term_string}"},"query-input":{"@type":"PropertyValueSpecification","valueRequired":true,"valueName":"search_term_string"}}],"inLanguage":"en-US"},{"@type":"Organization","@id":"https:\/\/adexa.ee\/#organization","name":"Adexa","url":"https:\/\/adexa.ee\/","logo":{"@type":"ImageObject","inLanguage":"en-US","@id":"https:\/\/adexa.ee\/#\/schema\/logo\/image\/","url":"https:\/\/adexa.ee\/wp-content\/uploads\/2024\/04\/chef-cooks-working-in-professional-kitchen-2023-11-27-05-07-39-utc-scaled.jpg","contentUrl":"https:\/\/adexa.ee\/wp-content\/uploads\/2024\/04\/chef-cooks-working-in-professional-kitchen-2023-11-27-05-07-39-utc-scaled.jpg","width":2560,"height":1708,"caption":"Adexa"},"image":{"@id":"https:\/\/adexa.ee\/#\/schema\/logo\/image\/"}}]}},"_links":{"self":[{"href":"https:\/\/adexa.ee\/en\/wp-json\/wp\/v2\/product\/15931","targetHints":{"allow":["GET"]}}],"collection":[{"href":"https:\/\/adexa.ee\/en\/wp-json\/wp\/v2\/product"}],"about":[{"href":"https:\/\/adexa.ee\/en\/wp-json\/wp\/v2\/types\/product"}],"wp:featuredmedia":[{"embeddable":true,"href":"https:\/\/adexa.ee\/en\/wp-json\/wp\/v2\/media\/48062"}],"wp:attachment":[{"href":"https:\/\/adexa.ee\/en\/wp-json\/wp\/v2\/media?parent=15931"}],"wp:term":[{"taxonomy":"product_brand","embeddable":true,"href":"https:\/\/adexa.ee\/en\/wp-json\/wp\/v2\/product_brand?post=15931"},{"taxonomy":"product_cat","embeddable":true,"href":"https:\/\/adexa.ee\/en\/wp-json\/wp\/v2\/product_cat?post=15931"},{"taxonomy":"product_tag","embeddable":true,"href":"https:\/\/adexa.ee\/en\/wp-json\/wp\/v2\/product_tag?post=15931"}],"curies":[{"name":"wp","href":"https:\/\/api.w.org\/{rel}","templated":true}]}}