{"id":27392,"date":"2026-09-01T16:45:36","date_gmt":"2026-09-01T13:45:36","guid":{"rendered":"https:\/\/adexa.ee\/toode\/kommertslik-salatetteklaasiga-kulmik-3-ust-adexa-s93sq\/"},"modified":"2026-09-01T16:45:38","modified_gmt":"2026-09-01T13:45:38","slug":"saladett-klaasist-vitriiniga-3-uksega-adexa-s93sq","status":"publish","type":"product","link":"https:\/\/adexa.ee\/en\/toode\/saladett-klaasist-vitriiniga-3-uksega-adexa-s93sq\/","title":{"rendered":"Saladett klaasist vitriiniga 3 uksega | Adexa S93SQ"},"content":{"rendered":"<div class=\"ggmDescription\">\n<p>3 uksega klaasist saladett k\u00fclmik on just see, mida vajate oma kohvikusse, v\u00f5ileivapoodi, restorani v\u00f5i igasse kommertsk\u00f6\u00f6ki. Valmistatud parimast 304 kvaliteediga roostevabast terasest, on sellel kolm isesulguvat ust, mis hoiavad teie tooted v\u00e4rskena, toidukvaliteediga plastist ettevalmistusala ja stiilne klaasist pealmine osa, mis sisaldab riiulit mittes\u00e4ilivate esemete hoidmiseks. Saladett on varustatud ratastega, mis v\u00f5imaldavad seda h\u00f5lpsasti liigutada.<\/p>\n<\/p>\n<div class=\"ggmDescription\">\n<ul>\n<li>K\u00f5rgekvaliteediline 304 roostevaba teras sise- ja v\u00e4lispinnal<\/li>\n<li>CE heakskiit<\/li>\n<li>CFC-vaba k\u00fclmutusagens ja vaht<\/li>\n<li>Automaatne sulatamine<\/li>\n<li>Kondensvee aurustumine<\/li>\n<li>Digitaalne temperatuuri regulaator<\/li>\n<li>\u00dcmarad sisek\u00f5rvalised nurgad lihtsaks puhastamiseks<\/li>\n<li>Reguleeritavad PVC-kattega riiulid ja riiulihoidik<\/li>\n<li>Isesulguvad uksed, millel on kergesti puhastatavad ja vahetatavad magnetilised tihendid<\/li>\n<li>Rasked piduriga rattad<\/li>\n<li>Avatud \u00fclaosa sobib 4xGN1\/1 pannile<\/li>\n<\/ul>\n<\/div>\n<\/div>\n<table style=\"border-collapse: collapse; width: 100%; text-align: left;\">\n<tbody>\n<tr>\n<td style=\"border: 1px solid #ddd; padding: 8px; width: 45%;\">S\u00fcgavus<\/td>\n<td style=\"border: 1px solid #ddd; padding: 8px;\">700 mm<\/td>\n<\/tr>\n<tr>\n<td style=\"border: 1px solid #ddd; padding: 8px; width: 45%;\">K\u00f5rgus<\/td>\n<td style=\"border: 1px solid #ddd; padding: 8px;\">1350 mm<\/td>\n<\/tr>\n<tr>\n<td style=\"border: 1px solid #ddd; padding: 8px; width: 45%;\">Laius<\/td>\n<td style=\"border: 1px solid #ddd; padding: 8px;\">1365 mm<\/td>\n<\/tr>\n<tr>\n<td style=\"border: 1px solid #ddd; padding: 8px; width: 45%;\">Garantii<\/td>\n<td style=\"border: 1px solid #ddd; padding: 8px;\">12 kuu varuosade garantii<\/td>\n<\/tr>\n<tr>\n<td style=\"border: 1px solid #ddd; padding: 8px; width: 45%;\">Mahutavus<\/td>\n<td style=\"border: 1px solid #ddd; padding: 8px;\">368 liitrit<\/td>\n<\/tr>\n<tr>\n<td style=\"border: 1px solid #ddd; padding: 8px; width: 45%;\">Toiteallikas<\/td>\n<td style=\"border: 1px solid #ddd; padding: 8px;\">230V \/ 1 faas<\/td>\n<\/tr>\n<tr>\n<td style=\"border: 1px solid #ddd; padding: 8px; width: 45%;\">Riiulid<\/td>\n<td style=\"border: 1px solid #ddd; padding: 8px;\">1 ukse kohta<\/td>\n<\/tr>\n<tr>\n<td style=\"border: 1px solid #ddd; padding: 8px; width: 45%;\">Materjal<\/td>\n<td style=\"border: 1px solid #ddd; padding: 8px;\">Roostevaba teras<\/td>\n<\/tr>\n<tr>\n<td style=\"border: 1px solid #ddd; padding: 8px; width: 45%;\">L\u00f5ikelaud (pol\u00fcet\u00fcleen)<\/td>\n<td style=\"border: 1px solid #ddd; padding: 8px;\">Jah<\/td>\n<\/tr>\n<tr>\n<td style=\"border: 1px solid #ddd; padding: 8px; width: 45%;\">Jahutus<\/td>\n<td style=\"border: 1px solid #ddd; padding: 8px;\">Staatiline ventilaatoriga<\/td>\n<\/tr>\n<tr>\n<td style=\"border: 1px solid #ddd; padding: 8px; width: 45%;\">Sulatamine<\/td>\n<td style=\"border: 1px solid #ddd; padding: 8px;\">Automaatne<\/td>\n<\/tr>\n<tr>\n<td style=\"border: 1px solid #ddd; padding: 8px; width: 45%;\">K\u00fclmaaine<\/td>\n<td style=\"border: 1px solid #ddd; padding: 8px;\">R600a<\/td>\n<\/tr>\n<tr>\n<td style=\"border: 1px solid #ddd; padding: 8px; width: 45%;\">Temperatuur<\/td>\n<td style=\"border: 1px solid #ddd; padding: 8px;\">+2 kuni +8\u00b0C<\/td>\n<\/tr>\n<tr>\n<td style=\"border: 1px solid #ddd; padding: 8px; width: 45%;\">Mahutavus (server)<\/td>\n<td style=\"border: 1px solid #ddd; padding: 8px;\">4 x GN1\/1<\/td>\n<\/tr>\n<tr>\n<td style=\"border: 1px solid #ddd; padding: 8px; width: 45%;\">Ekraan<\/td>\n<td style=\"border: 1px solid #ddd; padding: 8px;\">Klaasist \u00fclaosa lisariiuliga<\/td>\n<\/tr>\n<\/tbody>\n<\/table>\n","protected":false},"excerpt":{"rendered":"<p>3 uksega klaasist saladett k\u00fclmik on just see, mida vajate oma kohvikusse, v\u00f5ileivapoodi, restorani v\u00f5i igasse kommertsk\u00f6\u00f6ki. Valmistatud parimast 304<\/p>\n","protected":false},"featured_media":48077,"template":"","meta":[],"product_brand":[],"product_cat":[838,564,819,684],"product_tag":[],"class_list":["post-27392","product","type-product","status-publish","has-post-thumbnail","product_cat-jaheletid-klaasist-pealisosaga","product_cat-jahutusseadmed","product_cat-saladettid","product_cat-salati-ja-voileiva-valmistamise-letid","first","onbackorder","sale","taxable","shipping-taxable","purchasable","product-type-simple"],"yoast_head":"<!-- This site is optimized with the Yoast SEO plugin v28.4 - https:\/\/yoast.com\/product\/yoast-seo-wordpress\/ -->\n<title>Saladett klaasist vitriiniga 3 uksega | Adexa S93SQ - Adexa \u2013 Suurk\u00f6\u00f6giseadmed restoranidele ja toitlustusele<\/title>\n<meta name=\"robots\" content=\"index, follow, max-snippet:-1, max-image-preview:large, max-video-preview:-1\" \/>\n<link rel=\"canonical\" href=\"https:\/\/adexa.ee\/toode\/saladett-klaasist-vitriiniga-3-uksega-adexa-s93sq\/\" \/>\n<meta property=\"og:locale\" content=\"en_US\" \/>\n<meta property=\"og:type\" content=\"article\" \/>\n<meta property=\"og:title\" content=\"Saladett klaasist vitriiniga 3 uksega | Adexa S93SQ - Adexa \u2013 Suurk\u00f6\u00f6giseadmed restoranidele ja toitlustusele\" \/>\n<meta property=\"og:description\" content=\"3 uksega klaasist saladett k\u00fclmik on just see, mida vajate oma kohvikusse, v\u00f5ileivapoodi, restorani v\u00f5i igasse kommertsk\u00f6\u00f6ki. Valmistatud parimast 304\" \/>\n<meta property=\"og:url\" content=\"https:\/\/adexa.ee\/toode\/saladett-klaasist-vitriiniga-3-uksega-adexa-s93sq\/\" \/>\n<meta property=\"og:site_name\" content=\"Adexa \u2013 Suurk\u00f6\u00f6giseadmed restoranidele ja toitlustusele\" \/>\n<meta property=\"article:modified_time\" content=\"2026-09-01T13:45:38+00:00\" \/>\n<meta property=\"og:image\" content=\"https:\/\/adexa.ee\/wp-content\/uploads\/2026\/08\/s93sq-.png\" \/>\n\t<meta property=\"og:image:width\" content=\"1254\" \/>\n\t<meta property=\"og:image:height\" content=\"1254\" \/>\n\t<meta property=\"og:image:type\" content=\"image\/png\" \/>\n<meta name=\"twitter:card\" content=\"summary_large_image\" \/>\n<meta name=\"twitter:label1\" content=\"Est. reading time\" \/>\n\t<meta name=\"twitter:data1\" content=\"1 minute\" \/>\n<script type=\"application\/ld+json\" class=\"yoast-schema-graph\">{\"@context\":\"https:\\\/\\\/schema.org\",\"@graph\":[{\"@type\":\"WebPage\",\"@id\":\"https:\\\/\\\/adexa.ee\\\/toode\\\/saladett-klaasist-vitriiniga-3-uksega-adexa-s93sq\\\/\",\"url\":\"https:\\\/\\\/adexa.ee\\\/toode\\\/saladett-klaasist-vitriiniga-3-uksega-adexa-s93sq\\\/\",\"name\":\"Saladett klaasist vitriiniga 3 uksega | Adexa S93SQ - Adexa \u2013 Suurk\u00f6\u00f6giseadmed restoranidele ja toitlustusele\",\"isPartOf\":{\"@id\":\"https:\\\/\\\/adexa.ee\\\/#website\"},\"primaryImageOfPage\":{\"@id\":\"https:\\\/\\\/adexa.ee\\\/toode\\\/saladett-klaasist-vitriiniga-3-uksega-adexa-s93sq\\\/#primaryimage\"},\"image\":{\"@id\":\"https:\\\/\\\/adexa.ee\\\/toode\\\/saladett-klaasist-vitriiniga-3-uksega-adexa-s93sq\\\/#primaryimage\"},\"thumbnailUrl\":\"https:\\\/\\\/adexa.ee\\\/wp-content\\\/uploads\\\/2026\\\/08\\\/s93sq-.png\",\"datePublished\":\"2026-09-01T13:45:36+00:00\",\"dateModified\":\"2026-09-01T13:45:38+00:00\",\"breadcrumb\":{\"@id\":\"https:\\\/\\\/adexa.ee\\\/toode\\\/saladett-klaasist-vitriiniga-3-uksega-adexa-s93sq\\\/#breadcrumb\"},\"inLanguage\":\"en-US\",\"potentialAction\":[{\"@type\":\"ReadAction\",\"target\":[\"https:\\\/\\\/adexa.ee\\\/toode\\\/saladett-klaasist-vitriiniga-3-uksega-adexa-s93sq\\\/\"]}]},{\"@type\":\"ImageObject\",\"inLanguage\":\"en-US\",\"@id\":\"https:\\\/\\\/adexa.ee\\\/toode\\\/saladett-klaasist-vitriiniga-3-uksega-adexa-s93sq\\\/#primaryimage\",\"url\":\"https:\\\/\\\/adexa.ee\\\/wp-content\\\/uploads\\\/2026\\\/08\\\/s93sq-.png\",\"contentUrl\":\"https:\\\/\\\/adexa.ee\\\/wp-content\\\/uploads\\\/2026\\\/08\\\/s93sq-.png\",\"width\":1254,\"height\":1254},{\"@type\":\"BreadcrumbList\",\"@id\":\"https:\\\/\\\/adexa.ee\\\/toode\\\/saladett-klaasist-vitriiniga-3-uksega-adexa-s93sq\\\/#breadcrumb\",\"itemListElement\":[{\"@type\":\"ListItem\",\"position\":1,\"name\":\"Home\",\"item\":\"https:\\\/\\\/adexa.ee\\\/\"},{\"@type\":\"ListItem\",\"position\":2,\"name\":\"Tooted\",\"item\":\"https:\\\/\\\/adexa.ee\\\/pood\\\/\"},{\"@type\":\"ListItem\",\"position\":3,\"name\":\"Saladett klaasist vitriiniga 3 uksega | Adexa S93SQ\"}]},{\"@type\":\"WebSite\",\"@id\":\"https:\\\/\\\/adexa.ee\\\/#website\",\"url\":\"https:\\\/\\\/adexa.ee\\\/\",\"name\":\"Adexa\",\"description\":\"\",\"publisher\":{\"@id\":\"https:\\\/\\\/adexa.ee\\\/#organization\"},\"potentialAction\":[{\"@type\":\"SearchAction\",\"target\":{\"@type\":\"EntryPoint\",\"urlTemplate\":\"https:\\\/\\\/adexa.ee\\\/?s={search_term_string}\"},\"query-input\":{\"@type\":\"PropertyValueSpecification\",\"valueRequired\":true,\"valueName\":\"search_term_string\"}}],\"inLanguage\":\"en-US\"},{\"@type\":\"Organization\",\"@id\":\"https:\\\/\\\/adexa.ee\\\/#organization\",\"name\":\"Adexa\",\"url\":\"https:\\\/\\\/adexa.ee\\\/\",\"logo\":{\"@type\":\"ImageObject\",\"inLanguage\":\"en-US\",\"@id\":\"https:\\\/\\\/adexa.ee\\\/#\\\/schema\\\/logo\\\/image\\\/\",\"url\":\"https:\\\/\\\/adexa.ee\\\/wp-content\\\/uploads\\\/2024\\\/04\\\/chef-cooks-working-in-professional-kitchen-2023-11-27-05-07-39-utc-scaled.jpg\",\"contentUrl\":\"https:\\\/\\\/adexa.ee\\\/wp-content\\\/uploads\\\/2024\\\/04\\\/chef-cooks-working-in-professional-kitchen-2023-11-27-05-07-39-utc-scaled.jpg\",\"width\":2560,\"height\":1708,\"caption\":\"Adexa\"},\"image\":{\"@id\":\"https:\\\/\\\/adexa.ee\\\/#\\\/schema\\\/logo\\\/image\\\/\"}}]}<\/script>\n<!-- \/ Yoast SEO plugin. -->","yoast_head_json":{"title":"Saladett klaasist vitriiniga 3 uksega | Adexa S93SQ - Adexa \u2013 Suurk\u00f6\u00f6giseadmed restoranidele ja toitlustusele","robots":{"index":"index","follow":"follow","max-snippet":"max-snippet:-1","max-image-preview":"max-image-preview:large","max-video-preview":"max-video-preview:-1"},"canonical":"https:\/\/adexa.ee\/toode\/saladett-klaasist-vitriiniga-3-uksega-adexa-s93sq\/","og_locale":"en_US","og_type":"article","og_title":"Saladett klaasist vitriiniga 3 uksega | Adexa S93SQ - Adexa \u2013 Suurk\u00f6\u00f6giseadmed restoranidele ja toitlustusele","og_description":"3 uksega klaasist saladett k\u00fclmik on just see, mida vajate oma kohvikusse, v\u00f5ileivapoodi, restorani v\u00f5i igasse kommertsk\u00f6\u00f6ki. Valmistatud parimast 304","og_url":"https:\/\/adexa.ee\/toode\/saladett-klaasist-vitriiniga-3-uksega-adexa-s93sq\/","og_site_name":"Adexa \u2013 Suurk\u00f6\u00f6giseadmed restoranidele ja toitlustusele","article_modified_time":"2026-09-01T13:45:38+00:00","og_image":[{"width":1254,"height":1254,"url":"https:\/\/adexa.ee\/wp-content\/uploads\/2026\/08\/s93sq-.png","type":"image\/png"}],"twitter_card":"summary_large_image","twitter_misc":{"Est. reading time":"1 minute"},"schema":{"@context":"https:\/\/schema.org","@graph":[{"@type":"WebPage","@id":"https:\/\/adexa.ee\/toode\/saladett-klaasist-vitriiniga-3-uksega-adexa-s93sq\/","url":"https:\/\/adexa.ee\/toode\/saladett-klaasist-vitriiniga-3-uksega-adexa-s93sq\/","name":"Saladett klaasist vitriiniga 3 uksega | Adexa S93SQ - Adexa \u2013 Suurk\u00f6\u00f6giseadmed restoranidele ja toitlustusele","isPartOf":{"@id":"https:\/\/adexa.ee\/#website"},"primaryImageOfPage":{"@id":"https:\/\/adexa.ee\/toode\/saladett-klaasist-vitriiniga-3-uksega-adexa-s93sq\/#primaryimage"},"image":{"@id":"https:\/\/adexa.ee\/toode\/saladett-klaasist-vitriiniga-3-uksega-adexa-s93sq\/#primaryimage"},"thumbnailUrl":"https:\/\/adexa.ee\/wp-content\/uploads\/2026\/08\/s93sq-.png","datePublished":"2026-09-01T13:45:36+00:00","dateModified":"2026-09-01T13:45:38+00:00","breadcrumb":{"@id":"https:\/\/adexa.ee\/toode\/saladett-klaasist-vitriiniga-3-uksega-adexa-s93sq\/#breadcrumb"},"inLanguage":"en-US","potentialAction":[{"@type":"ReadAction","target":["https:\/\/adexa.ee\/toode\/saladett-klaasist-vitriiniga-3-uksega-adexa-s93sq\/"]}]},{"@type":"ImageObject","inLanguage":"en-US","@id":"https:\/\/adexa.ee\/toode\/saladett-klaasist-vitriiniga-3-uksega-adexa-s93sq\/#primaryimage","url":"https:\/\/adexa.ee\/wp-content\/uploads\/2026\/08\/s93sq-.png","contentUrl":"https:\/\/adexa.ee\/wp-content\/uploads\/2026\/08\/s93sq-.png","width":1254,"height":1254},{"@type":"BreadcrumbList","@id":"https:\/\/adexa.ee\/toode\/saladett-klaasist-vitriiniga-3-uksega-adexa-s93sq\/#breadcrumb","itemListElement":[{"@type":"ListItem","position":1,"name":"Home","item":"https:\/\/adexa.ee\/"},{"@type":"ListItem","position":2,"name":"Tooted","item":"https:\/\/adexa.ee\/pood\/"},{"@type":"ListItem","position":3,"name":"Saladett klaasist vitriiniga 3 uksega | Adexa S93SQ"}]},{"@type":"WebSite","@id":"https:\/\/adexa.ee\/#website","url":"https:\/\/adexa.ee\/","name":"Adexa","description":"","publisher":{"@id":"https:\/\/adexa.ee\/#organization"},"potentialAction":[{"@type":"SearchAction","target":{"@type":"EntryPoint","urlTemplate":"https:\/\/adexa.ee\/?s={search_term_string}"},"query-input":{"@type":"PropertyValueSpecification","valueRequired":true,"valueName":"search_term_string"}}],"inLanguage":"en-US"},{"@type":"Organization","@id":"https:\/\/adexa.ee\/#organization","name":"Adexa","url":"https:\/\/adexa.ee\/","logo":{"@type":"ImageObject","inLanguage":"en-US","@id":"https:\/\/adexa.ee\/#\/schema\/logo\/image\/","url":"https:\/\/adexa.ee\/wp-content\/uploads\/2024\/04\/chef-cooks-working-in-professional-kitchen-2023-11-27-05-07-39-utc-scaled.jpg","contentUrl":"https:\/\/adexa.ee\/wp-content\/uploads\/2024\/04\/chef-cooks-working-in-professional-kitchen-2023-11-27-05-07-39-utc-scaled.jpg","width":2560,"height":1708,"caption":"Adexa"},"image":{"@id":"https:\/\/adexa.ee\/#\/schema\/logo\/image\/"}}]}},"_links":{"self":[{"href":"https:\/\/adexa.ee\/en\/wp-json\/wp\/v2\/product\/27392","targetHints":{"allow":["GET"]}}],"collection":[{"href":"https:\/\/adexa.ee\/en\/wp-json\/wp\/v2\/product"}],"about":[{"href":"https:\/\/adexa.ee\/en\/wp-json\/wp\/v2\/types\/product"}],"wp:featuredmedia":[{"embeddable":true,"href":"https:\/\/adexa.ee\/en\/wp-json\/wp\/v2\/media\/48077"}],"wp:attachment":[{"href":"https:\/\/adexa.ee\/en\/wp-json\/wp\/v2\/media?parent=27392"}],"wp:term":[{"taxonomy":"product_brand","embeddable":true,"href":"https:\/\/adexa.ee\/en\/wp-json\/wp\/v2\/product_brand?post=27392"},{"taxonomy":"product_cat","embeddable":true,"href":"https:\/\/adexa.ee\/en\/wp-json\/wp\/v2\/product_cat?post=27392"},{"taxonomy":"product_tag","embeddable":true,"href":"https:\/\/adexa.ee\/en\/wp-json\/wp\/v2\/product_tag?post=27392"}],"curies":[{"name":"wp","href":"https:\/\/api.w.org\/{rel}","templated":true}]}}