{"id":48098,"date":"2026-09-01T16:46:00","date_gmt":"2026-09-01T13:46:00","guid":{"rendered":"https:\/\/adexa.ee\/toode\/professionaalne-blender-helikaitsega-1-2-liitrit-1500w-adexa-e8\/"},"modified":"2026-09-01T16:46:01","modified_gmt":"2026-09-01T13:46:01","slug":"professionaalne-blender-helikaitsega-1-2-liitrit-1500w-adexa-e8","status":"publish","type":"product","link":"https:\/\/adexa.ee\/en\/toode\/professionaalne-blender-helikaitsega-1-2-liitrit-1500w-adexa-e8\/","title":{"rendered":"Professionaalne blender helikaitsega 1.2 liitrit 1500W | Adexa E8"},"content":{"rendered":"<p>Armastad teha smuutisid, frappesid ja mahlu, kuid vihkad, et pead blendi m\u00fcra \u00fcle karjuma? Kas kliendid on h\u00e4iritud sinu mahlapressi valju m\u00fcrast? Kas naabrid kurdavad blenderi m\u00fcra \u00fcle? See vaikne, kuid vastupidav blender on hindamatu kommertsk\u00f6\u00f6giriist, millel on mitmek\u00fclgne kasutus blenderina, mahlapressina, lihaveskina, supitegijana, kuivjahvatajana ja palju muuks.<\/p>\n<ul>\n<li>V\u00f5imsus: 1500W<\/li>\n<li>Toiteallikas: 230V \/ 1 faas<\/li>\n<li>\u00dclekoormuskaitse<\/li>\n<li>Mahutavus: 1.2 liitrit<\/li>\n<li>Puutetundlik juhtpaneel 6 eelprogrammi + k\u00e4sitsi blenderdamine \/ impuls \/ puhastus<\/li>\n<li>Sobib j\u00e4\u00e4 purustamiseks<\/li>\n<li>Muudetav kiirus<\/li>\n<li>Impulsifunktsioon<\/li>\n<li>1.2 liitrine kann<\/li>\n<li>Turvalukus\u00fcsteem<\/li>\n<li>Kiirus: kuni 28 000 p\/min<\/li>\n<li>K\u00f5rgekvaliteediline roostevabast terasest tera<\/li>\n<\/ul>\n<p><span style=\"font-weight: bold;\">Dokumendid<\/span><\/p>\n<\/p>\n<ul>\n<li><a href=\"https:\/\/adexanordic.se\/image\/catalog\/manuals\/E8-manual.pdf\" target=\"_blank\">Kl\u00f5psa siia kasutusjuhendi allalaadimiseks<\/a><\/li>\n<\/ul>\n<p>Vaata t\u00e4psemat teavet jaotises &#8216;<span style=\"font-weight: bold;\">Spetsifikatsioon<\/span>&#8216;.<\/p>\n<table style=\"border-collapse: collapse; width: 100%; text-align: left;\">\n<tbody>\n<tr>\n<td style=\"border: 1px solid #ddd; padding: 8px; width: 45%;\">S\u00fcgavus<\/td>\n<td style=\"border: 1px solid #ddd; padding: 8px;\">260 mm<\/td>\n<\/tr>\n<tr>\n<td style=\"border: 1px solid #ddd; padding: 8px; width: 45%;\">K\u00f5rgus<\/td>\n<td style=\"border: 1px solid #ddd; padding: 8px;\">425 mm<\/td>\n<\/tr>\n<tr>\n<td style=\"border: 1px solid #ddd; padding: 8px; width: 45%;\">Laius<\/td>\n<td style=\"border: 1px solid #ddd; padding: 8px;\">220 mm<\/td>\n<\/tr>\n<tr>\n<td style=\"border: 1px solid #ddd; padding: 8px; width: 45%;\">Kaal<\/td>\n<td style=\"border: 1px solid #ddd; padding: 8px;\">7,7 kg<\/td>\n<\/tr>\n<tr>\n<td style=\"border: 1px solid #ddd; padding: 8px; width: 45%;\">Garantii<\/td>\n<td style=\"border: 1px solid #ddd; padding: 8px;\">12 kuu varuosade garantii<\/td>\n<\/tr>\n<tr>\n<td style=\"border: 1px solid #ddd; padding: 8px; width: 45%;\">Mahutavus<\/td>\n<td style=\"border: 1px solid #ddd; padding: 8px;\">1,2 liitrit<\/td>\n<\/tr>\n<tr>\n<td style=\"border: 1px solid #ddd; padding: 8px; width: 45%;\">Toiteallikas<\/td>\n<td style=\"border: 1px solid #ddd; padding: 8px;\">230V \/ 1 faas<\/td>\n<\/tr>\n<tr>\n<td style=\"border: 1px solid #ddd; padding: 8px; width: 45%;\">V\u00f5imsus<\/td>\n<td style=\"border: 1px solid #ddd; padding: 8px;\">1500W<\/td>\n<\/tr>\n<tr>\n<td style=\"border: 1px solid #ddd; padding: 8px; width: 45%;\">Materjal<\/td>\n<td style=\"border: 1px solid #ddd; padding: 8px;\">Kann BPA-vabast PCTG plastikust<\/td>\n<\/tr>\n<tr>\n<td style=\"border: 1px solid #ddd; padding: 8px; width: 45%;\">Programmid<\/td>\n<td style=\"border: 1px solid #ddd; padding: 8px;\">6 eelprogrammi + k\u00e4sitsi segamine \/ impulss \/ puhastus<\/td>\n<\/tr>\n<tr>\n<td style=\"border: 1px solid #ddd; padding: 8px; width: 45%;\">Kontrollid<\/td>\n<td style=\"border: 1px solid #ddd; padding: 8px;\">Puute<\/td>\n<\/tr>\n<tr>\n<td style=\"border: 1px solid #ddd; padding: 8px; width: 45%;\">Kiirused<\/td>\n<td style=\"border: 1px solid #ddd; padding: 8px;\">Muutuv<\/td>\n<\/tr>\n<tr>\n<td style=\"border: 1px solid #ddd; padding: 8px; width: 45%;\">M\u00fcra tase<\/td>\n<td style=\"border: 1px solid #ddd; padding: 8px;\">72 dB(A)<\/td>\n<\/tr>\n<tr>\n<td style=\"border: 1px solid #ddd; padding: 8px; width: 45%;\">Impulssfunktsioon<\/td>\n<td style=\"border: 1px solid #ddd; padding: 8px;\">Jah<\/td>\n<\/tr>\n<\/tbody>\n<\/table>\n","protected":false},"excerpt":{"rendered":"<p>Armastad teha smuutisid, frappesid ja mahlu, kuid vihkad, et pead blendi m\u00fcra \u00fcle karjuma? Kas kliendid on h\u00e4iritud sinu mahlapressi<\/p>\n","protected":false},"featured_media":48099,"template":"","meta":[],"product_brand":[],"product_cat":[784,613,569],"product_tag":[],"class_list":["post-48098","product","type-product","status-publish","has-post-thumbnail","product_cat-baarimikserid","product_cat-kohv-ja-joogid","product_cat-lopumuuk","first","onbackorder","sale","taxable","shipping-taxable","purchasable","product-type-simple"],"yoast_head":"<!-- This site is optimized with the Yoast SEO plugin v28.4 - https:\/\/yoast.com\/product\/yoast-seo-wordpress\/ -->\n<title>Professionaalne blender helikaitsega 1.2 liitrit 1500W | Adexa E8 - Adexa \u2013 Suurk\u00f6\u00f6giseadmed restoranidele ja toitlustusele<\/title>\n<meta name=\"robots\" content=\"index, follow, max-snippet:-1, max-image-preview:large, max-video-preview:-1\" \/>\n<link rel=\"canonical\" href=\"https:\/\/adexa.ee\/toode\/professionaalne-blender-helikaitsega-1-2-liitrit-1500w-adexa-e8\/\" \/>\n<meta property=\"og:locale\" content=\"en_US\" \/>\n<meta property=\"og:type\" content=\"article\" \/>\n<meta property=\"og:title\" content=\"Professionaalne blender helikaitsega 1.2 liitrit 1500W | Adexa E8 - Adexa \u2013 Suurk\u00f6\u00f6giseadmed restoranidele ja toitlustusele\" \/>\n<meta property=\"og:description\" content=\"Armastad teha smuutisid, frappesid ja mahlu, kuid vihkad, et pead blendi m\u00fcra \u00fcle karjuma? Kas kliendid on h\u00e4iritud sinu mahlapressi\" \/>\n<meta property=\"og:url\" content=\"https:\/\/adexa.ee\/toode\/professionaalne-blender-helikaitsega-1-2-liitrit-1500w-adexa-e8\/\" \/>\n<meta property=\"og:site_name\" content=\"Adexa \u2013 Suurk\u00f6\u00f6giseadmed restoranidele ja toitlustusele\" \/>\n<meta property=\"article:modified_time\" content=\"2026-09-01T13:46:01+00:00\" \/>\n<meta property=\"og:image\" content=\"https:\/\/adexa.ee\/wp-content\/uploads\/2026\/08\/E8.jpg\" \/>\n\t<meta property=\"og:image:width\" content=\"1500\" \/>\n\t<meta property=\"og:image:height\" content=\"1500\" \/>\n\t<meta property=\"og:image:type\" content=\"image\/jpeg\" \/>\n<meta name=\"twitter:card\" content=\"summary_large_image\" \/>\n<meta name=\"twitter:label1\" content=\"Est. reading time\" \/>\n\t<meta name=\"twitter:data1\" content=\"1 minute\" \/>\n<script type=\"application\/ld+json\" class=\"yoast-schema-graph\">{\"@context\":\"https:\\\/\\\/schema.org\",\"@graph\":[{\"@type\":\"WebPage\",\"@id\":\"https:\\\/\\\/adexa.ee\\\/toode\\\/professionaalne-blender-helikaitsega-1-2-liitrit-1500w-adexa-e8\\\/\",\"url\":\"https:\\\/\\\/adexa.ee\\\/toode\\\/professionaalne-blender-helikaitsega-1-2-liitrit-1500w-adexa-e8\\\/\",\"name\":\"Professionaalne blender helikaitsega 1.2 liitrit 1500W | Adexa E8 - Adexa \u2013 Suurk\u00f6\u00f6giseadmed restoranidele ja toitlustusele\",\"isPartOf\":{\"@id\":\"https:\\\/\\\/adexa.ee\\\/#website\"},\"primaryImageOfPage\":{\"@id\":\"https:\\\/\\\/adexa.ee\\\/toode\\\/professionaalne-blender-helikaitsega-1-2-liitrit-1500w-adexa-e8\\\/#primaryimage\"},\"image\":{\"@id\":\"https:\\\/\\\/adexa.ee\\\/toode\\\/professionaalne-blender-helikaitsega-1-2-liitrit-1500w-adexa-e8\\\/#primaryimage\"},\"thumbnailUrl\":\"https:\\\/\\\/adexa.ee\\\/wp-content\\\/uploads\\\/2026\\\/08\\\/E8.jpg\",\"datePublished\":\"2026-09-01T13:46:00+00:00\",\"dateModified\":\"2026-09-01T13:46:01+00:00\",\"breadcrumb\":{\"@id\":\"https:\\\/\\\/adexa.ee\\\/toode\\\/professionaalne-blender-helikaitsega-1-2-liitrit-1500w-adexa-e8\\\/#breadcrumb\"},\"inLanguage\":\"en-US\",\"potentialAction\":[{\"@type\":\"ReadAction\",\"target\":[\"https:\\\/\\\/adexa.ee\\\/toode\\\/professionaalne-blender-helikaitsega-1-2-liitrit-1500w-adexa-e8\\\/\"]}]},{\"@type\":\"ImageObject\",\"inLanguage\":\"en-US\",\"@id\":\"https:\\\/\\\/adexa.ee\\\/toode\\\/professionaalne-blender-helikaitsega-1-2-liitrit-1500w-adexa-e8\\\/#primaryimage\",\"url\":\"https:\\\/\\\/adexa.ee\\\/wp-content\\\/uploads\\\/2026\\\/08\\\/E8.jpg\",\"contentUrl\":\"https:\\\/\\\/adexa.ee\\\/wp-content\\\/uploads\\\/2026\\\/08\\\/E8.jpg\",\"width\":1500,\"height\":1500},{\"@type\":\"BreadcrumbList\",\"@id\":\"https:\\\/\\\/adexa.ee\\\/toode\\\/professionaalne-blender-helikaitsega-1-2-liitrit-1500w-adexa-e8\\\/#breadcrumb\",\"itemListElement\":[{\"@type\":\"ListItem\",\"position\":1,\"name\":\"Home\",\"item\":\"https:\\\/\\\/adexa.ee\\\/\"},{\"@type\":\"ListItem\",\"position\":2,\"name\":\"Tooted\",\"item\":\"https:\\\/\\\/adexa.ee\\\/pood\\\/\"},{\"@type\":\"ListItem\",\"position\":3,\"name\":\"Professionaalne blender helikaitsega 1.2 liitrit 1500W | Adexa E8\"}]},{\"@type\":\"WebSite\",\"@id\":\"https:\\\/\\\/adexa.ee\\\/#website\",\"url\":\"https:\\\/\\\/adexa.ee\\\/\",\"name\":\"Adexa\",\"description\":\"\",\"publisher\":{\"@id\":\"https:\\\/\\\/adexa.ee\\\/#organization\"},\"potentialAction\":[{\"@type\":\"SearchAction\",\"target\":{\"@type\":\"EntryPoint\",\"urlTemplate\":\"https:\\\/\\\/adexa.ee\\\/?s={search_term_string}\"},\"query-input\":{\"@type\":\"PropertyValueSpecification\",\"valueRequired\":true,\"valueName\":\"search_term_string\"}}],\"inLanguage\":\"en-US\"},{\"@type\":\"Organization\",\"@id\":\"https:\\\/\\\/adexa.ee\\\/#organization\",\"name\":\"Adexa\",\"url\":\"https:\\\/\\\/adexa.ee\\\/\",\"logo\":{\"@type\":\"ImageObject\",\"inLanguage\":\"en-US\",\"@id\":\"https:\\\/\\\/adexa.ee\\\/#\\\/schema\\\/logo\\\/image\\\/\",\"url\":\"https:\\\/\\\/adexa.ee\\\/wp-content\\\/uploads\\\/2024\\\/04\\\/chef-cooks-working-in-professional-kitchen-2023-11-27-05-07-39-utc-scaled.jpg\",\"contentUrl\":\"https:\\\/\\\/adexa.ee\\\/wp-content\\\/uploads\\\/2024\\\/04\\\/chef-cooks-working-in-professional-kitchen-2023-11-27-05-07-39-utc-scaled.jpg\",\"width\":2560,\"height\":1708,\"caption\":\"Adexa\"},\"image\":{\"@id\":\"https:\\\/\\\/adexa.ee\\\/#\\\/schema\\\/logo\\\/image\\\/\"}}]}<\/script>\n<!-- \/ Yoast SEO plugin. -->","yoast_head_json":{"title":"Professionaalne blender helikaitsega 1.2 liitrit 1500W | Adexa E8 - Adexa \u2013 Suurk\u00f6\u00f6giseadmed restoranidele ja toitlustusele","robots":{"index":"index","follow":"follow","max-snippet":"max-snippet:-1","max-image-preview":"max-image-preview:large","max-video-preview":"max-video-preview:-1"},"canonical":"https:\/\/adexa.ee\/toode\/professionaalne-blender-helikaitsega-1-2-liitrit-1500w-adexa-e8\/","og_locale":"en_US","og_type":"article","og_title":"Professionaalne blender helikaitsega 1.2 liitrit 1500W | Adexa E8 - Adexa \u2013 Suurk\u00f6\u00f6giseadmed restoranidele ja toitlustusele","og_description":"Armastad teha smuutisid, frappesid ja mahlu, kuid vihkad, et pead blendi m\u00fcra \u00fcle karjuma? Kas kliendid on h\u00e4iritud sinu mahlapressi","og_url":"https:\/\/adexa.ee\/toode\/professionaalne-blender-helikaitsega-1-2-liitrit-1500w-adexa-e8\/","og_site_name":"Adexa \u2013 Suurk\u00f6\u00f6giseadmed restoranidele ja toitlustusele","article_modified_time":"2026-09-01T13:46:01+00:00","og_image":[{"width":1500,"height":1500,"url":"https:\/\/adexa.ee\/wp-content\/uploads\/2026\/08\/E8.jpg","type":"image\/jpeg"}],"twitter_card":"summary_large_image","twitter_misc":{"Est. reading time":"1 minute"},"schema":{"@context":"https:\/\/schema.org","@graph":[{"@type":"WebPage","@id":"https:\/\/adexa.ee\/toode\/professionaalne-blender-helikaitsega-1-2-liitrit-1500w-adexa-e8\/","url":"https:\/\/adexa.ee\/toode\/professionaalne-blender-helikaitsega-1-2-liitrit-1500w-adexa-e8\/","name":"Professionaalne blender helikaitsega 1.2 liitrit 1500W | Adexa E8 - Adexa \u2013 Suurk\u00f6\u00f6giseadmed restoranidele ja toitlustusele","isPartOf":{"@id":"https:\/\/adexa.ee\/#website"},"primaryImageOfPage":{"@id":"https:\/\/adexa.ee\/toode\/professionaalne-blender-helikaitsega-1-2-liitrit-1500w-adexa-e8\/#primaryimage"},"image":{"@id":"https:\/\/adexa.ee\/toode\/professionaalne-blender-helikaitsega-1-2-liitrit-1500w-adexa-e8\/#primaryimage"},"thumbnailUrl":"https:\/\/adexa.ee\/wp-content\/uploads\/2026\/08\/E8.jpg","datePublished":"2026-09-01T13:46:00+00:00","dateModified":"2026-09-01T13:46:01+00:00","breadcrumb":{"@id":"https:\/\/adexa.ee\/toode\/professionaalne-blender-helikaitsega-1-2-liitrit-1500w-adexa-e8\/#breadcrumb"},"inLanguage":"en-US","potentialAction":[{"@type":"ReadAction","target":["https:\/\/adexa.ee\/toode\/professionaalne-blender-helikaitsega-1-2-liitrit-1500w-adexa-e8\/"]}]},{"@type":"ImageObject","inLanguage":"en-US","@id":"https:\/\/adexa.ee\/toode\/professionaalne-blender-helikaitsega-1-2-liitrit-1500w-adexa-e8\/#primaryimage","url":"https:\/\/adexa.ee\/wp-content\/uploads\/2026\/08\/E8.jpg","contentUrl":"https:\/\/adexa.ee\/wp-content\/uploads\/2026\/08\/E8.jpg","width":1500,"height":1500},{"@type":"BreadcrumbList","@id":"https:\/\/adexa.ee\/toode\/professionaalne-blender-helikaitsega-1-2-liitrit-1500w-adexa-e8\/#breadcrumb","itemListElement":[{"@type":"ListItem","position":1,"name":"Home","item":"https:\/\/adexa.ee\/"},{"@type":"ListItem","position":2,"name":"Tooted","item":"https:\/\/adexa.ee\/pood\/"},{"@type":"ListItem","position":3,"name":"Professionaalne blender helikaitsega 1.2 liitrit 1500W | Adexa E8"}]},{"@type":"WebSite","@id":"https:\/\/adexa.ee\/#website","url":"https:\/\/adexa.ee\/","name":"Adexa","description":"","publisher":{"@id":"https:\/\/adexa.ee\/#organization"},"potentialAction":[{"@type":"SearchAction","target":{"@type":"EntryPoint","urlTemplate":"https:\/\/adexa.ee\/?s={search_term_string}"},"query-input":{"@type":"PropertyValueSpecification","valueRequired":true,"valueName":"search_term_string"}}],"inLanguage":"en-US"},{"@type":"Organization","@id":"https:\/\/adexa.ee\/#organization","name":"Adexa","url":"https:\/\/adexa.ee\/","logo":{"@type":"ImageObject","inLanguage":"en-US","@id":"https:\/\/adexa.ee\/#\/schema\/logo\/image\/","url":"https:\/\/adexa.ee\/wp-content\/uploads\/2024\/04\/chef-cooks-working-in-professional-kitchen-2023-11-27-05-07-39-utc-scaled.jpg","contentUrl":"https:\/\/adexa.ee\/wp-content\/uploads\/2024\/04\/chef-cooks-working-in-professional-kitchen-2023-11-27-05-07-39-utc-scaled.jpg","width":2560,"height":1708,"caption":"Adexa"},"image":{"@id":"https:\/\/adexa.ee\/#\/schema\/logo\/image\/"}}]}},"_links":{"self":[{"href":"https:\/\/adexa.ee\/en\/wp-json\/wp\/v2\/product\/48098","targetHints":{"allow":["GET"]}}],"collection":[{"href":"https:\/\/adexa.ee\/en\/wp-json\/wp\/v2\/product"}],"about":[{"href":"https:\/\/adexa.ee\/en\/wp-json\/wp\/v2\/types\/product"}],"wp:featuredmedia":[{"embeddable":true,"href":"https:\/\/adexa.ee\/en\/wp-json\/wp\/v2\/media\/48099"}],"wp:attachment":[{"href":"https:\/\/adexa.ee\/en\/wp-json\/wp\/v2\/media?parent=48098"}],"wp:term":[{"taxonomy":"product_brand","embeddable":true,"href":"https:\/\/adexa.ee\/en\/wp-json\/wp\/v2\/product_brand?post=48098"},{"taxonomy":"product_cat","embeddable":true,"href":"https:\/\/adexa.ee\/en\/wp-json\/wp\/v2\/product_cat?post=48098"},{"taxonomy":"product_tag","embeddable":true,"href":"https:\/\/adexa.ee\/en\/wp-json\/wp\/v2\/product_tag?post=48098"}],"curies":[{"name":"wp","href":"https:\/\/api.w.org\/{rel}","templated":true}]}}